{"id":1277,"date":"2022-11-13T12:56:20","date_gmt":"2022-11-13T12:56:20","guid":{"rendered":"https:\/\/justachange.pt\/volunteers\/"},"modified":"2026-02-10T10:34:31","modified_gmt":"2026-02-10T10:34:31","slug":"volunteers","status":"publish","type":"page","link":"https:\/\/justachange.pt\/en\/volunteers\/","title":{"rendered":"Volunteers"},"content":{"rendered":"<p>[vc_row full_width=&#8221;stretch_row_content_no_spaces&#8221; content_placement=&#8221;middle&#8221; css=&#8221;.vc_custom_1768924458633{background-image: url(https:\/\/justachange.pt\/wp-content\/uploads\/2024\/12\/DSC03917-scaled.jpg?id=4659) !important;background-position: center !important;background-repeat: no-repeat !important;background-size: cover !important;}&#8221; el_class=&#8221;bl-empresas bl-voluntarios&#8221;][vc_column el_class=&#8221;overlay-preto&#8221;][vc_row_inner content_placement=&#8221;middle&#8221; css=&#8221;.vc_custom_1768924461742{padding-bottom: 20px !important;}&#8221;][vc_column_inner][vc_empty_space][vc_custom_heading text=&#8221;REABILITAMOS CASAS, RECONSTRU\u00cdMOS VIDAS&#8221; font_container=&#8221;tag:h1|text_align:center&#8221; use_theme_fonts=&#8221;yes&#8221; el_class=&#8221;h1-tema&#8221;][vc_empty_space][vc_column_text el_class=&#8221;mancha-none&#8221;]<\/p>\n<div style=\"text-align: center;\">\n<p><a class=\"btn-laranja cor-branco\" href=\"https:\/\/justachange.pt\/just-sos\/\">Junta-te a n\u00f3s<\/a><\/p>\n<\/div>\n<p>[\/vc_column_text][\/vc_column_inner][\/vc_row_inner][\/vc_column][\/vc_row][vc_row equal_height=&#8221;yes&#8221; el_class=&#8221;bl-visao&#8221; css=&#8221;.vc_custom_1734691231949{margin-top: 0px !important;margin-bottom: 0px !important;border-top-width: 0px !important;border-bottom-width: 0px !important;padding-top: 0px !important;padding-bottom: 0px !important;background-color: #94bd85 !important;background-position: center !important;background-repeat: no-repeat !important;background-size: contain !important;}&#8221;][vc_column css=&#8221;.vc_custom_1715094184488{padding-top: 0px !important;padding-bottom: 0px !important;background-position: center !important;background-repeat: no-repeat !important;background-size: cover !important;}&#8221;][vc_row_inner equal_height=&#8221;yes&#8221; el_class=&#8221;contain-left&#8221; css=&#8221;.vc_custom_1715094375502{margin-top: 0px !important;margin-bottom: 0px !important;background-position: center !important;background-repeat: no-repeat !important;background-size: contain !important;}&#8221;][vc_column_inner el_class=&#8221;ser-voluntario&#8221; css=&#8221;.vc_custom_1734690969828{padding-top: 0px !important;padding-bottom: 0px !important;}&#8221;][vc_column_text css=&#8221;.vc_custom_1734691317043{padding-top: 30px !important;padding-right: 10% !important;padding-bottom: 40px !important;padding-left: 10% !important;}&#8221;]<\/p>\n<h3 class=\"cor-branco\" style=\"text-align: center;\">Olhamos para o futuro e sonhamos com um Mundo onde existe Alegria, Esperan\u00e7a e Caridade em todas as casas.<\/h3>\n<p style=\"text-align: center;\"><span style=\"color: #ffffff;\">Olhamos tamb\u00e9m para aquilo que fazemos e aquilo que deixamos, em todos os lugares por onde passamos. Queremos que nos vejam como aqueles que semeiam Alegria, Esperan\u00e7a e Caridade. Queremos levar este nosso sonho a cada casa, a cada volunt\u00e1rio e a cada parceiro. Esta vis\u00e3o \u00e9 um objetivo real, para a vida de cada uma das pessoas envolvidas, pois se numa casa tivermos deixado Alegria, Esperan\u00e7a e Caridade para sempre, o mundo j\u00e1 foi transformado para melhor.<\/span><\/p>\n<p>[\/vc_column_text][\/vc_column_inner][\/vc_row_inner][\/vc_column][\/vc_row][vc_row el_class=&#8221;bl-sobre programas-just&#8221; css=&#8221;.vc_custom_1734691176769{margin-top: 0px !important;margin-bottom: 0px !important;border-top-width: 0px !important;border-bottom-width: 0px !important;padding-top: 0px !important;padding-bottom: 40px !important;background-color: #f7edd6 !important;background-position: center !important;background-repeat: no-repeat !important;background-size: contain !important;}&#8221;][vc_column css=&#8221;.vc_custom_1668978571951{background-position: center !important;background-repeat: no-repeat !important;background-size: cover !important;}&#8221;][vc_row_inner equal_height=&#8221;yes&#8221; el_class=&#8221;contain-left&#8221; css=&#8221;.vc_custom_1715877014741{margin-top: -80px !important;background-position: center !important;background-repeat: no-repeat !important;background-size: contain !important;}&#8221;][vc_column_inner el_class=&#8221;container-manual&#8221; css=&#8221;.vc_custom_1715610944037{padding-bottom: 10px !important;}&#8221;][vc_column_text css=&#8221;.vc_custom_1729528485530{margin-bottom: -40px !important;padding-top: 30px !important;padding-right: 10% !important;padding-bottom: 0px !important;padding-left: 10% !important;}&#8221;]<\/p>\n<h2 style=\"text-align: center;\"><span style=\"color: #0c8451;\">programas just a change<\/span><\/h2>\n<p>[\/vc_column_text][\/vc_column_inner][\/vc_row_inner][vc_row_inner equal_height=&#8221;yes&#8221; el_class=&#8221;contain-left&#8221; css=&#8221;.vc_custom_1715877064047{margin-top: 0px !important;margin-bottom: 10px !important;padding-top: 0px !important;background-position: center !important;background-repeat: no-repeat !important;background-size: contain !important;}&#8221;][vc_column_inner el_class=&#8221;container-manual&#8221; css=&#8221;.vc_custom_1715877089736{margin-top: -40px !important;padding-top: 0px !important;padding-bottom: 10px !important;}&#8221; offset=&#8221;vc_hidden-xs&#8221;][vc_column_text css=&#8221;.vc_custom_1729528618267{margin-top: 0px !important;margin-bottom: 0px !important;padding-top: 0px !important;padding-right: 10% !important;padding-bottom: 0px !important;padding-left: 10% !important;}&#8221;]<\/p>\n<p style=\"text-align: center;\"><span style=\"color: #244563;\">Desenvolvemos v\u00e1rios programas de interven\u00e7\u00e3o que permitem que atuemos em diversos contextos em paralelo, potenciando assim o impacto social e a coes\u00e3o social nas comunidades locais.<\/span><\/p>\n<p>[\/vc_column_text][\/vc_column_inner][\/vc_row_inner][vc_row_inner equal_height=&#8221;yes&#8221; el_class=&#8221;contain-left&#8221; css=&#8221;.vc_custom_1754695615527{margin-top: 0px !important;margin-bottom: 0px !important;padding-top: 0px !important;padding-bottom: 0px !important;background-position: center !important;background-repeat: no-repeat !important;background-size: contain !important;}&#8221;][vc_column_inner width=&#8221;1\/3&#8243; offset=&#8221;vc_col-xs-12&#8243; css=&#8221;.vc_custom_1734691700747{margin-bottom: 0px !important;padding-bottom: 0px !important;}&#8221;][vc_single_image image=&#8221;4404&#8243; alignment=&#8221;center&#8221; onclick=&#8221;custom_link&#8221; link=&#8221;https:\/\/justachange.pt\/en\/turn-up\/&#8221; css=&#8221;.vc_custom_1734691340398{margin-bottom: 0px !important;padding-bottom: 0px !important;}&#8221;][vc_column_text css=&#8221;.vc_custom_1729528598076{margin-top: 10px !important;margin-bottom: 0px !important;padding-top: 0px !important;padding-right: 10% !important;padding-bottom: 0px !important;padding-left: 10% !important;}&#8221;]<\/p>\n<h2 style=\"text-align: center;\"><span style=\"color: #244563;\">Turn Up<\/span><\/h2>\n<p>[\/vc_column_text][vc_column_text css=&#8221;.vc_custom_1734692079118{margin-top: 0px !important;margin-bottom: 0px !important;padding-top: 0px !important;padding-right: 10% !important;padding-bottom: 0px !important;padding-left: 10% !important;}&#8221;]<\/p>\n<p style=\"text-align: center;\"><span style=\"color: #244563;\">Durante o <strong>ano letivo<\/strong> as obras n\u00e3o param! Os turnos semanais do Just a Change mant\u00eam a alegria das obras Just em Lisboa, Porto e Minho.<\/span><\/p>\n<p>[\/vc_column_text][\/vc_column_inner][vc_column_inner el_class=&#8221;container-manual&#8221; width=&#8221;1\/3&#8243; css=&#8221;.vc_custom_1734691706330{margin-bottom: 0px !important;padding-bottom: 0px !important;}&#8221; offset=&#8221;vc_col-xs-12&#8243;][vc_single_image image=&#8221;4402&#8243; alignment=&#8221;center&#8221; onclick=&#8221;custom_link&#8221; link=&#8221;https:\/\/justachange.pt\/en\/camp-in\/&#8221; css=&#8221;.vc_custom_1734691344554{margin-bottom: 0px !important;padding-bottom: 0px !important;}&#8221;][vc_column_text css=&#8221;.vc_custom_1729528606212{margin-top: 10px !important;margin-bottom: 0px !important;padding-top: 0px !important;padding-right: 10% !important;padding-bottom: 0px !important;padding-left: 10% !important;}&#8221;]<\/p>\n<h2 style=\"text-align: center;\"><span style=\"color: #244563;\">Camp In<\/span><\/h2>\n<p>[\/vc_column_text][vc_column_text css=&#8221;.vc_custom_1734692133943{margin-top: 0px !important;margin-bottom: 0px !important;padding-top: 0px !important;padding-right: 10% !important;padding-bottom: 0px !important;padding-left: 10% !important;}&#8221;]<\/p>\n<p style=\"text-align: center;\"><span style=\"color: #244563;\">Nos <strong>meses de Ver\u00e3o<\/strong>, os campos Just a Change de 15 dias espalham-se pelo pa\u00eds e geram impacto social nas comunidades locais.<\/span><\/p>\n<p>[\/vc_column_text][\/vc_column_inner][vc_column_inner width=&#8221;1\/3&#8243; offset=&#8221;vc_col-xs-1 vc_hidden-xs&#8221;][vc_single_image image=&#8221;4688&#8243; alignment=&#8221;center&#8221; onclick=&#8221;custom_link&#8221; link=&#8221;https:\/\/justachange.pt\/en\/bootcamp\/&#8221; css=&#8221;.vc_custom_1735833440687{margin-bottom: 0px !important;padding-bottom: 0px !important;}&#8221;][vc_column_text css=&#8221;.vc_custom_1734692149011{margin-top: 10px !important;margin-bottom: 0px !important;padding-top: 0px !important;padding-right: 10% !important;padding-bottom: 0px !important;padding-left: 10% !important;}&#8221;]<\/p>\n<h2 style=\"text-align: center;\"><span style=\"color: #244563;\">Bootcamp<\/span><\/h2>\n<p>[\/vc_column_text][vc_column_text css=&#8221;.vc_custom_1734692125373{margin-top: 0px !important;margin-bottom: 0px !important;padding-top: 0px !important;padding-right: 10% !important;padding-bottom: 0px !important;padding-left: 10% !important;}&#8221;]<\/p>\n<p style=\"text-align: center;\"><span style=\"color: #244563;\">No <strong>in\u00edcio de cada semestre<\/strong>, 1 semana intensa de esp\u00edrito Just a Change, a dar tudo na obra em Lisboa, Porto e Minho<\/span><\/p>\n<p>[\/vc_column_text][\/vc_column_inner][\/vc_row_inner][vc_row_inner equal_height=&#8221;yes&#8221; el_class=&#8221;contain-left&#8221; css=&#8221;.vc_custom_1754695634231{margin-top: 0px !important;padding-top: 0px !important;background-position: center !important;background-repeat: no-repeat !important;background-size: contain !important;}&#8221;][vc_column_inner width=&#8221;1\/3&#8243; offset=&#8221;vc_col-xs-1 vc_hidden-xs&#8221; css=&#8221;.vc_custom_1734692213724{margin-top: 0px !important;padding-top: 0px !important;}&#8221;][vc_column_text css=&#8221;.vc_custom_1717431139393{margin-top: 0px !important;padding-top: 0px !important;padding-right: 10% !important;padding-left: 10% !important;}&#8221;]<\/p>\n<div style=\"text-align: center;\"><a class=\"botao-amarelo\" href=\"https:\/\/justachange.pt\/turn-up\/\">LER MAIS<\/a><\/div>\n<p>[\/vc_column_text][\/vc_column_inner][vc_column_inner width=&#8221;1\/3&#8243; offset=&#8221;vc_col-xs-12 vc_hidden-xs&#8221; css=&#8221;.vc_custom_1717431714664{margin-top: 0px !important;padding-top: 0px !important;padding-bottom: 0px !important;}&#8221;][vc_column_text css=&#8221;.vc_custom_1734692344221{margin-top: 0px !important;padding-top: 0px !important;padding-right: 10% !important;padding-left: 10% !important;}&#8221;]<\/p>\n<div style=\"text-align: center;\"><a class=\"botao-amarelo\" href=\"https:\/\/justachange.pt\/camp-in-2\/\">LER MAIS<\/a><\/div>\n<p>[\/vc_column_text][\/vc_column_inner][vc_column_inner el_class=&#8221;container-manual&#8221; width=&#8221;1\/3&#8243; css=&#8221;.vc_custom_1717431710890{margin-top: 0px !important;padding-top: 0px !important;padding-bottom: 0px !important;}&#8221; offset=&#8221;vc_col-xs-12 vc_hidden-xs&#8221;][vc_column_text css=&#8221;.vc_custom_1735825328726{margin-top: 0px !important;padding-top: 0px !important;padding-right: 10% !important;padding-left: 10% !important;}&#8221;]<\/p>\n<div style=\"text-align: center;\"><a class=\"botao-amarelo\" href=\"https:\/\/justachange.pt\/bootcamp\/\">LER MAIS<\/a><\/div>\n<p>[\/vc_column_text][\/vc_column_inner][\/vc_row_inner][\/vc_column][\/vc_row][vc_row equal_height=&#8221;yes&#8221; el_class=&#8221;bl-manifesto&#8221; css=&#8221;.vc_custom_1764980144484{background-position: center !important;background-repeat: no-repeat !important;background-size: cover !important;}&#8221;][vc_column css=&#8221;.vc_custom_1734692390402{background-color: #94bd85 !important;background-position: center !important;background-repeat: no-repeat !important;background-size: cover !important;}&#8221;][vc_row_inner el_class=&#8221;bl-missao-inner&#8221; css=&#8221;.vc_custom_1764979990397{margin-top: -100px !important;}&#8221;][vc_column_inner][vc_column_text el_class=&#8221;bl-visao-inner&#8221;]<\/p>\n<h2 class=\"cor-verde\" style=\"text-align: center;\"><span style=\"color: #f7edd6;\">MANIFESTO DOS VOLUNT\u00c1RIOS<\/span><\/h2>\n<p>[\/vc_column_text][vc_images_carousel images=&#8221;4662,4660,4771,4778,4470,4468&#8243; img_size=&#8221;full&#8221; onclick=&#8221;link_no&#8221; autoplay=&#8221;yes&#8221; hide_pagination_control=&#8221;yes&#8221; wrap=&#8221;yes&#8221; el_class=&#8221;slide-imagens&#8221;][vc_empty_space][\/vc_column_inner][\/vc_row_inner][vc_row_inner el_class=&#8221;bl-missao-inner&#8221; css=&#8221;.vc_custom_1673876186359{margin-top: -100px !important;}&#8221;][vc_column_inner][vc_column_text el_class=&#8221;bl-manifesto-inner&#8221;]<\/p>\n<h2 class=\"cor-verde\" style=\"text-align: left;\"><span style=\"color: #f7edd6;\">1. O benefici\u00e1rio<\/span><\/h2>\n<p class=\"cor-preto\" style=\"text-align: left;\"><span style=\"color: #ffffff;\">O benefici\u00e1rio \u00e9 a raz\u00e3o de estares aqui. Queremos reconstruir a sua vida e trazer-lhe alegria, esperan\u00e7a e caridade. A obra \u00e9 s\u00f3 um meio para o fazer. N\u00e3o podes julgar o benefici\u00e1rio nem a sua casa, pelas sua a\u00e7\u00f5es, palavras, apar\u00eancia, posses ou limpeza. Tens que ser paciente e atencioso! N\u00e3o conheces a sua hist\u00f3ria. Entre o benefici\u00e1rio e a obra, a escolha \u00e9 sempre o primeiro.<\/span><\/p>\n<p>[\/vc_column_text][\/vc_column_inner][\/vc_row_inner][vc_row_inner el_class=&#8221;bl-missao-inner&#8221;][vc_column_inner][vc_column_text el_class=&#8221;bl-manifesto-inner bl-manifesto-inner-abre&#8221; css=&#8221;.vc_custom_1734692813832{margin-bottom: 0px !important;padding-bottom: 0px !important;}&#8221;]<\/p>\n<div class=\"manifesto display-block\">\n<h2 class=\"cor-verde\" style=\"text-align: left;\"><span style=\"color: #f7edd6;\">2. O compromisso<\/span><\/h2>\n<p class=\"cor-preto\" style=\"text-align: left;\"><span style=\"color: #ffffff;\">Comprometeres-te com o Just a Change significa lembrares-te que existem pessoas que dependem de ti: a equipa, o benefici\u00e1rio e todos os que est\u00e3o envolvidos no projeto. Todas as horas s\u00e3o essenciais e sempre que h\u00e1 uma falha no trabalho por fazer, este \u00e9 atrasado e, sobretudo, o benefici\u00e1rio \u00e9 prejudicado.<\/span><\/p>\n<h2 class=\"cor-verde\" style=\"text-align: left;\"><span style=\"color: #f7edd6;\">3. A Alegria<\/span><\/h2>\n<p class=\"cor-preto\" style=\"text-align: left;\"><span style=\"color: #ffffff;\">O gesto mais simples pode mudar a vida de algu\u00e9m. Quando chegas a uma casa com alegria, aumentas a alegria dos outros. Podes n\u00e3o ser a alma da festa, mas um \u201ccomo foi o teu dia?\u201d, ou um simples sorriso para um benefici\u00e1rio pode fazer toda a diferen\u00e7a. N\u00e3o te preocupes se deres toda a alegria que tens em ti, que a receber\u00e1s de volta&#8230; E haver\u00e1 mais. A alegria \u00e9 uma responsabilidade.<\/span><\/p>\n<h2 class=\"cor-verde\" style=\"text-align: left;\"><span style=\"color: #f7edd6;\">4. A Constru\u00e7\u00e3o<\/span><\/h2>\n<p class=\"cor-preto\" style=\"text-align: left;\"><span style=\"color: #ffffff;\">Cuida da constru\u00e7\u00e3o, segue as pessoas que est\u00e3o l\u00e1 para te ajudar e mant\u00e9m-te seguro.<\/span><\/p>\n<h2 class=\"cor-verde\" style=\"text-align: left;\"><span style=\"color: #f7edd6;\">5. A Camisola<\/span><\/h2>\n<p class=\"cor-preto\" style=\"text-align: left;\"><span style=\"color: #ffffff;\">Veste a camisola, transformando pequenas tarefas em grandes a\u00e7\u00f5es. Faz dela um s\u00edmbolo de unidade e transmite-o de casa em casa. Vamos l\u00e1&#8230; Pelo Just a Change!<\/span><\/p>\n<h2 class=\"cor-verde\" style=\"text-align: left;\"><span style=\"color: #f7edd6;\">6. O Servi\u00e7o<\/span><\/h2>\n<p class=\"cor-preto\" style=\"text-align: left;\"><span style=\"color: #ffffff;\">Nem sempre \u00e9 f\u00e1cil, vais al\u00e9m de ti mesmo, n\u00e3o est\u00e1s aqui para ti, mas para servir aos outros. Faz o bem, muito bem.<\/span><\/p>\n<h2 class=\"cor-verde\" style=\"text-align: left;\"><span style=\"color: #f7edd6;\">7. O respeito<\/span><\/h2>\n<p class=\"cor-preto\" style=\"text-align: left;\"><span style=\"color: #ffffff;\">O respeito \u00e9 universal. \u00c9 como o ch\u00e3o de uma casa que deve ser s\u00f3lido. \u00c9 um dos pilares de uma equipa que se sustenta esta base. O respeito d\u00e1 for\u00e7as para que, juntos, possamos construir um novo teto para o benefici\u00e1rio. Nunca te esque\u00e7as, mais do que hierarquicamente, o respeito deve ser m\u00fatuo.<\/span><\/p>\n<\/div>\n<p>[\/vc_column_text][vc_single_image image=&#8221;1135&#8243; img_size=&#8221;50&#8243; alignment=&#8221;center&#8221; el_class=&#8221;cresceBloco&#8221; css=&#8221;.vc_custom_1734692798522{margin-top: 0px !important;padding-top: 0px !important;}&#8221;][\/vc_column_inner][\/vc_row_inner][\/vc_column][\/vc_row][vc_row el_class=&#8221;img-full-container&#8221;][vc_column css=&#8221;.vc_custom_1678969585173{margin-top: 0px !important;border-top-width: 0px !important;padding-top: 0px !important;}&#8221; offset=&#8221;vc_hidden-xs&#8221;][vc_single_image image=&#8221;1003&#8243; img_size=&#8221;full&#8221;][\/vc_column][\/vc_row][vc_row el_class=&#8221;bl-sobre resumo-voluntario&#8221; css=&#8221;.vc_custom_1734692883013{margin-top: 0px !important;margin-bottom: 0px !important;border-top-width: 0px !important;border-bottom-width: 0px !important;padding-top: 0px !important;padding-bottom: 0px !important;background-color: #94bd85 !important;background-position: center !important;background-repeat: no-repeat !important;background-size: contain !important;}&#8221;][vc_column css=&#8221;.vc_custom_1668978571951{background-position: center !important;background-repeat: no-repeat !important;background-size: cover !important;}&#8221;][vc_row_inner equal_height=&#8221;yes&#8221; el_class=&#8221;contain-left&#8221; css=&#8221;.vc_custom_1673876241946{margin-top: -80px !important;margin-bottom: -80px !important;background-position: center !important;background-repeat: no-repeat !important;background-size: contain !important;}&#8221;][vc_column_inner el_class=&#8221;container-manual&#8221; css=&#8221;.vc_custom_1668984691406{padding-bottom: 50px !important;}&#8221;][vc_column_text css=&#8221;.vc_custom_1715878054208{padding-top: 30px !important;padding-right: 10% !important;padding-bottom: 30px !important;padding-left: 10% !important;}&#8221;]<\/p>\n<h2 style=\"text-align: center;\"><span style=\"color: #ffffff;\">Resumidamente, ser volunt\u00e1rio no Just a Change \u00e9\u2026<\/span><\/h2>\n<p>[\/vc_column_text][\/vc_column_inner][\/vc_row_inner][vc_row_inner equal_height=&#8221;yes&#8221; el_class=&#8221;contain-left&#8221; css=&#8221;.vc_custom_1714741253752{margin-bottom: 0px !important;background-position: center !important;background-repeat: no-repeat !important;background-size: contain !important;}&#8221;][vc_column_inner el_class=&#8221;container-manual&#8221; width=&#8221;1\/4&#8243; css=&#8221;.vc_custom_1715877599022{padding-bottom: 50px !important;}&#8221; offset=&#8221;vc_col-xs-6&#8243;][vc_single_image image=&#8221;4297&#8243; alignment=&#8221;center&#8221;][vc_column_text css=&#8221;.vc_custom_1724423613852{padding-top: 30px !important;padding-right: 10% !important;padding-bottom: 0px !important;padding-left: 10% !important;}&#8221;]<\/p>\n<h3 style=\"text-align: center;\"><span style=\"color: #ffffff;\">Fazer amigos PARA A VIDA<\/span><\/h3>\n<p>[\/vc_column_text][\/vc_column_inner][vc_column_inner width=&#8221;1\/4&#8243; offset=&#8221;vc_col-xs-6&#8243;][vc_single_image image=&#8221;4303&#8243; alignment=&#8221;center&#8221;][vc_column_text css=&#8221;.vc_custom_1724423609284{padding-top: 30px !important;padding-right: 10% !important;padding-bottom: 0px !important;padding-left: 10% !important;}&#8221;]<\/p>\n<h3 style=\"text-align: center;\"><span style=\"color: #ffffff;\">Dar de volta \u00e0 COMUNIDADE<\/span><\/h3>\n<p>[\/vc_column_text][\/vc_column_inner][vc_column_inner width=&#8221;1\/4&#8243; offset=&#8221;vc_col-xs-6&#8243;][vc_single_image image=&#8221;4306&#8243; alignment=&#8221;center&#8221;][vc_column_text css=&#8221;.vc_custom_1724422837371{padding-top: 30px !important;padding-right: 10% !important;padding-bottom: 0px !important;padding-left: 10% !important;}&#8221;]<\/p>\n<h3 style=\"text-align: center;\"><span style=\"color: #ffffff;\">Partilhar MINIS AO FIM DO DIA<\/span><\/h3>\n<p>[\/vc_column_text][\/vc_column_inner][vc_column_inner width=&#8221;1\/4&#8243; offset=&#8221;vc_col-xs-6&#8243;][vc_single_image image=&#8221;4294&#8243; alignment=&#8221;center&#8221;][vc_column_text css=&#8221;.vc_custom_1715878075535{padding-top: 30px !important;padding-right: 10% !important;padding-bottom: 0px !important;padding-left: 10% !important;}&#8221;]<\/p>\n<h3 style=\"text-align: center;\"><span style=\"color: #ffffff;\">Ter uma t-shirt DA MODA<\/span><\/h3>\n<p>[\/vc_column_text][\/vc_column_inner][\/vc_row_inner][\/vc_column][\/vc_row][vc_row css=&#8221;.vc_custom_1734692907388{padding-bottom: 50px !important;background-color: #f7edd6 !important;}&#8221; el_class=&#8221;iframe-voluntarios&#8221;][vc_column][vc_row_inner css=&#8221;.vc_custom_1673876286690{margin-top: -80px !important;}&#8221;][vc_column_inner width=&#8221;1\/6&#8243;][\/vc_column_inner][vc_column_inner el_class=&#8221;frame&#8221; width=&#8221;4\/6&#8243;][vc_empty_space height=&#8221;80px&#8221;][vc_video link=&#8221;https:\/\/www.youtube.com\/watch?v=KiaWLOAL1g0&#8243; el_width=&#8221;80&#8243; align=&#8221;center&#8221;][\/vc_column_inner][vc_column_inner width=&#8221;1\/6&#8243;][\/vc_column_inner][\/vc_row_inner][vc_row_inner equal_height=&#8221;yes&#8221; gap=&#8221;20&#8243; css=&#8221;.vc_custom_1668986331460{padding-right: 8% !important;padding-left: 8% !important;}&#8221;][vc_column_inner el_class=&#8221;cx-extra-person&#8221; width=&#8221;1\/3&#8243; css=&#8221;.vc_custom_1678984290831{padding-top: 20px !important;padding-right: 20px !important;padding-bottom: 20px !important;padding-left: 20px !important;background-color: #ffbe4b !important;}&#8221; offset=&#8221;vc_col-xs-4&#8243;][vc_single_image image=&#8221;1206&#8243; img_size=&#8221;full&#8221; alignment=&#8221;center&#8221;][vc_column_text]<\/p>\n<h3 style=\"text-align: center;\">MAFALDA<\/h3>\n<p style=\"text-align: center;\"><span style=\"color: #000000;\">\u201c\u00c9 de sorriso parvo na cara e cora\u00e7\u00e3o cheio que digo que hoje n\u00e3o seria a mesma pessoa se n\u00e3o tivesse entrado no just. Dif\u00edcil resumir em t\u00e3o poucas palavras tantas experi\u00eancias, tantas pessoas. Sem d\u00favida, uma das melhores decis\u00f5es que j\u00e1 tomei foi arriscar aquele primeiro dia de obra.\u201d<\/span><\/p>\n<p>[\/vc_column_text][\/vc_column_inner][vc_column_inner el_class=&#8221;cx-extra-person&#8221; width=&#8221;1\/3&#8243; css=&#8221;.vc_custom_1678984295521{padding-top: 20px !important;padding-right: 20px !important;padding-bottom: 20px !important;padding-left: 20px !important;background-color: #ffbe4b !important;}&#8221; offset=&#8221;vc_col-xs-4&#8243;][vc_single_image image=&#8221;1226&#8243; img_size=&#8221;full&#8221; alignment=&#8221;center&#8221;][vc_column_text]<\/p>\n<h3 style=\"text-align: center;\">DIOGO<\/h3>\n<p style=\"text-align: center;\"><span style=\"color: #000000;\">&#8220;No Just encontrei a oportunidade para dedicar o meu tempo a quem precisa, com um impacto direto, e concreto, nas suas vidas e nas suas casas.<\/span><br \/>\n<span style=\"color: #000000;\">Encontrei uma comunidade enorme de volunt\u00e1rios, que viriam a ser amigos, com os mesmo valores e miss\u00e3o.<\/span><br \/>\n<span style=\"color: #000000;\">Acredito que o projeto muda a vida de quem precisa do Just, e de quem escolhe ajudar o Just. \u00c9 imposs\u00edvel, de uma forma ou de outra, n\u00e3o sair tatuado pela experi\u00eancia.&#8221;<\/span><\/p>\n<p>[\/vc_column_text][\/vc_column_inner][vc_column_inner el_class=&#8221;cx-extra-person&#8221; width=&#8221;1\/3&#8243; css=&#8221;.vc_custom_1678984300018{padding-top: 20px !important;padding-right: 20px !important;padding-bottom: 20px !important;padding-left: 20px !important;background-color: #ffbe4b !important;}&#8221; offset=&#8221;vc_col-xs-4&#8243;][vc_single_image image=&#8221;1227&#8243; img_size=&#8221;full&#8221; alignment=&#8221;center&#8221;][vc_column_text]<\/p>\n<h3 style=\"text-align: center;\">MARIA<\/h3>\n<p style=\"text-align: center;\"><span style=\"color: #000000;\">&#8220;Depois de sermos volunt\u00e1rios no just a change a forma como olhamos para a vida muda: passamos a valorizar as pequenas coisas do dia-a-dia que, habitualmente, damos por garantidas.&#8221;<\/span><\/p>\n<p>[\/vc_column_text][\/vc_column_inner][\/vc_row_inner][\/vc_column][\/vc_row]<\/p>\n","protected":false},"excerpt":{"rendered":"<p>[vc_row full_width=&#8221;stretch_row_content_no_spaces&#8221; content_placement=&#8221;middle&#8221; css=&#8221;.vc_custom_1768924458633{background-image: url(https:\/\/justachange.pt\/wp-content\/uploads\/2024\/12\/DSC03917-scaled.jpg?id=4659) !important;background-position: center !important;background-repeat: no-repeat !important;background-size: cover !important;}&#8221; el_class=&#8221;bl-empresas bl-voluntarios&#8221;][vc_column el_class=&#8221;overlay-preto&#8221;][vc_row_inner content_placement=&#8221;middle&#8221; css=&#8221;.vc_custom_1768924461742{padding-bottom: 20px !important;}&#8221;][vc_column_inner][vc_empty_space][vc_custom_heading text=&#8221;REABILITAMOS CASAS, RECONSTRU\u00cdMOS VIDAS&#8221; font_container=&#8221;tag:h1|text_align:center&#8221; use_theme_fonts=&#8221;yes&#8221; el_class=&#8221;h1-tema&#8221;][vc_empty_space][vc_column_text el_class=&#8221;mancha-none&#8221;] Junta-te a n\u00f3s [\/vc_column_text][\/vc_column_inner][\/vc_row_inner][\/vc_column][\/vc_row][vc_row equal_height=&#8221;yes&#8221; el_class=&#8221;bl-visao&#8221; css=&#8221;.vc_custom_1734691231949{margin-top: 0px !important;margin-bottom: 0px !important;border-top-width: 0px !important;border-bottom-width: 0px !important;padding-top: 0px !important;padding-bottom: 0px !important;background-color: #94bd85 !important;background-position: center !important;background-repeat: no-repeat !important;background-size: contain !important;}&#8221;][vc_column css=&#8221;.vc_custom_1715094184488{padding-top: [&hellip;]<\/p>\n<p class=\"read-more\"><a class=\"button\" href=\"https:\/\/justachange.pt\/en\/volunteers\/\">Read More<\/a><\/p>\n","protected":false},"author":1,"featured_media":0,"parent":0,"menu_order":0,"comment_status":"closed","ping_status":"closed","template":"","meta":{"_monsterinsights_skip_tracking":false,"_monsterinsights_sitenote_active":false,"_monsterinsights_sitenote_note":"","_monsterinsights_sitenote_category":0,"footnotes":""},"class_list":["post-1277","page","type-page","status-publish","hentry"],"yoast_head":"<!-- This site is optimized with the Yoast SEO plugin v27.1.1 - https:\/\/yoast.com\/product\/yoast-seo-wordpress\/ -->\n<title>Volunteers - Just a Change<\/title>\n<meta name=\"robots\" content=\"index, follow, max-snippet:-1, max-image-preview:large, max-video-preview:-1\" \/>\n<link rel=\"canonical\" href=\"https:\/\/justachange.pt\/en\/volunteers\/\" \/>\n<meta property=\"og:locale\" content=\"en_US\" \/>\n<meta property=\"og:type\" content=\"article\" \/>\n<meta property=\"og:title\" content=\"Volunteers - Just a Change\" \/>\n<meta property=\"og:description\" content=\"[vc_row full_width=&#8221;stretch_row_content_no_spaces&#8221; content_placement=&#8221;middle&#8221; css=&#8221;.vc_custom_1768924458633{background-image: url(https:\/\/justachange.pt\/wp-content\/uploads\/2024\/12\/DSC03917-scaled.jpg?id=4659) !important;background-position: center !important;background-repeat: no-repeat !important;background-size: cover !important;}&#8221; el_class=&#8221;bl-empresas bl-voluntarios&#8221;][vc_column el_class=&#8221;overlay-preto&#8221;][vc_row_inner content_placement=&#8221;middle&#8221; css=&#8221;.vc_custom_1768924461742{padding-bottom: 20px !important;}&#8221;][vc_column_inner][vc_empty_space][vc_custom_heading text=&#8221;REABILITAMOS CASAS, RECONSTRU\u00cdMOS VIDAS&#8221; font_container=&#8221;tag:h1|text_align:center&#8221; use_theme_fonts=&#8221;yes&#8221; el_class=&#8221;h1-tema&#8221;][vc_empty_space][vc_column_text el_class=&#8221;mancha-none&#8221;] Junta-te a n\u00f3s [\/vc_column_text][\/vc_column_inner][\/vc_row_inner][\/vc_column][\/vc_row][vc_row equal_height=&#8221;yes&#8221; el_class=&#8221;bl-visao&#8221; css=&#8221;.vc_custom_1734691231949{margin-top: 0px !important;margin-bottom: 0px !important;border-top-width: 0px !important;border-bottom-width: 0px !important;padding-top: 0px !important;padding-bottom: 0px !important;background-color: #94bd85 !important;background-position: center !important;background-repeat: no-repeat !important;background-size: contain !important;}&#8221;][vc_column css=&#8221;.vc_custom_1715094184488{padding-top: [&hellip;]Read More\" \/>\n<meta property=\"og:url\" content=\"https:\/\/justachange.pt\/en\/volunteers\/\" \/>\n<meta property=\"og:site_name\" content=\"Just a Change\" \/>\n<meta property=\"article:modified_time\" content=\"2026-02-10T10:34:31+00:00\" \/>\n<meta name=\"twitter:card\" content=\"summary_large_image\" \/>\n<meta name=\"twitter:label1\" content=\"Est. reading time\" \/>\n\t<meta name=\"twitter:data1\" content=\"8 minutes\" \/>\n<script type=\"application\/ld+json\" class=\"yoast-schema-graph\">{\"@context\":\"https:\/\/schema.org\",\"@graph\":[{\"@type\":\"WebPage\",\"@id\":\"https:\/\/justachange.pt\/en\/volunteers\/\",\"url\":\"https:\/\/justachange.pt\/en\/volunteers\/\",\"name\":\"Volunteers - Just a Change\",\"isPartOf\":{\"@id\":\"https:\/\/justachange.pt\/#website\"},\"datePublished\":\"2022-11-13T12:56:20+00:00\",\"dateModified\":\"2026-02-10T10:34:31+00:00\",\"inLanguage\":\"en-US\",\"potentialAction\":[{\"@type\":\"ReadAction\",\"target\":[\"https:\/\/justachange.pt\/en\/volunteers\/\"]}]},{\"@type\":\"WebSite\",\"@id\":\"https:\/\/justachange.pt\/#website\",\"url\":\"https:\/\/justachange.pt\/\",\"name\":\"Just a Change\",\"description\":\"\",\"publisher\":{\"@id\":\"https:\/\/justachange.pt\/#organization\"},\"potentialAction\":[{\"@type\":\"SearchAction\",\"target\":{\"@type\":\"EntryPoint\",\"urlTemplate\":\"https:\/\/justachange.pt\/?s={search_term_string}\"},\"query-input\":{\"@type\":\"PropertyValueSpecification\",\"valueRequired\":true,\"valueName\":\"search_term_string\"}}],\"inLanguage\":\"en-US\"},{\"@type\":\"Organization\",\"@id\":\"https:\/\/justachange.pt\/#organization\",\"name\":\"Just a Change\",\"url\":\"https:\/\/justachange.pt\/\",\"logo\":{\"@type\":\"ImageObject\",\"inLanguage\":\"en-US\",\"@id\":\"https:\/\/justachange.pt\/#\/schema\/logo\/image\/\",\"url\":\"https:\/\/justachange.pt\/wp-content\/uploads\/2024\/08\/cropped-cropped-fundo_escuro-1-1.png\",\"contentUrl\":\"https:\/\/justachange.pt\/wp-content\/uploads\/2024\/08\/cropped-cropped-fundo_escuro-1-1.png\",\"width\":500,\"height\":315,\"caption\":\"Just a Change\"},\"image\":{\"@id\":\"https:\/\/justachange.pt\/#\/schema\/logo\/image\/\"}}]}<\/script>\n<!-- \/ Yoast SEO plugin. -->","yoast_head_json":{"title":"Volunteers - Just a Change","robots":{"index":"index","follow":"follow","max-snippet":"max-snippet:-1","max-image-preview":"max-image-preview:large","max-video-preview":"max-video-preview:-1"},"canonical":"https:\/\/justachange.pt\/en\/volunteers\/","og_locale":"en_US","og_type":"article","og_title":"Volunteers - Just a Change","og_description":"[vc_row full_width=&#8221;stretch_row_content_no_spaces&#8221; content_placement=&#8221;middle&#8221; css=&#8221;.vc_custom_1768924458633{background-image: url(https:\/\/justachange.pt\/wp-content\/uploads\/2024\/12\/DSC03917-scaled.jpg?id=4659) !important;background-position: center !important;background-repeat: no-repeat !important;background-size: cover !important;}&#8221; el_class=&#8221;bl-empresas bl-voluntarios&#8221;][vc_column el_class=&#8221;overlay-preto&#8221;][vc_row_inner content_placement=&#8221;middle&#8221; css=&#8221;.vc_custom_1768924461742{padding-bottom: 20px !important;}&#8221;][vc_column_inner][vc_empty_space][vc_custom_heading text=&#8221;REABILITAMOS CASAS, RECONSTRU\u00cdMOS VIDAS&#8221; font_container=&#8221;tag:h1|text_align:center&#8221; use_theme_fonts=&#8221;yes&#8221; el_class=&#8221;h1-tema&#8221;][vc_empty_space][vc_column_text el_class=&#8221;mancha-none&#8221;] Junta-te a n\u00f3s [\/vc_column_text][\/vc_column_inner][\/vc_row_inner][\/vc_column][\/vc_row][vc_row equal_height=&#8221;yes&#8221; el_class=&#8221;bl-visao&#8221; css=&#8221;.vc_custom_1734691231949{margin-top: 0px !important;margin-bottom: 0px !important;border-top-width: 0px !important;border-bottom-width: 0px !important;padding-top: 0px !important;padding-bottom: 0px !important;background-color: #94bd85 !important;background-position: center !important;background-repeat: no-repeat !important;background-size: contain !important;}&#8221;][vc_column css=&#8221;.vc_custom_1715094184488{padding-top: [&hellip;]Read More","og_url":"https:\/\/justachange.pt\/en\/volunteers\/","og_site_name":"Just a Change","article_modified_time":"2026-02-10T10:34:31+00:00","twitter_card":"summary_large_image","twitter_misc":{"Est. reading time":"8 minutes"},"schema":{"@context":"https:\/\/schema.org","@graph":[{"@type":"WebPage","@id":"https:\/\/justachange.pt\/en\/volunteers\/","url":"https:\/\/justachange.pt\/en\/volunteers\/","name":"Volunteers - Just a Change","isPartOf":{"@id":"https:\/\/justachange.pt\/#website"},"datePublished":"2022-11-13T12:56:20+00:00","dateModified":"2026-02-10T10:34:31+00:00","inLanguage":"en-US","potentialAction":[{"@type":"ReadAction","target":["https:\/\/justachange.pt\/en\/volunteers\/"]}]},{"@type":"WebSite","@id":"https:\/\/justachange.pt\/#website","url":"https:\/\/justachange.pt\/","name":"Just a Change","description":"","publisher":{"@id":"https:\/\/justachange.pt\/#organization"},"potentialAction":[{"@type":"SearchAction","target":{"@type":"EntryPoint","urlTemplate":"https:\/\/justachange.pt\/?s={search_term_string}"},"query-input":{"@type":"PropertyValueSpecification","valueRequired":true,"valueName":"search_term_string"}}],"inLanguage":"en-US"},{"@type":"Organization","@id":"https:\/\/justachange.pt\/#organization","name":"Just a Change","url":"https:\/\/justachange.pt\/","logo":{"@type":"ImageObject","inLanguage":"en-US","@id":"https:\/\/justachange.pt\/#\/schema\/logo\/image\/","url":"https:\/\/justachange.pt\/wp-content\/uploads\/2024\/08\/cropped-cropped-fundo_escuro-1-1.png","contentUrl":"https:\/\/justachange.pt\/wp-content\/uploads\/2024\/08\/cropped-cropped-fundo_escuro-1-1.png","width":500,"height":315,"caption":"Just a Change"},"image":{"@id":"https:\/\/justachange.pt\/#\/schema\/logo\/image\/"}}]}},"_links":{"self":[{"href":"https:\/\/justachange.pt\/en\/wp-json\/wp\/v2\/pages\/1277","targetHints":{"allow":["GET"]}}],"collection":[{"href":"https:\/\/justachange.pt\/en\/wp-json\/wp\/v2\/pages"}],"about":[{"href":"https:\/\/justachange.pt\/en\/wp-json\/wp\/v2\/types\/page"}],"author":[{"embeddable":true,"href":"https:\/\/justachange.pt\/en\/wp-json\/wp\/v2\/users\/1"}],"replies":[{"embeddable":true,"href":"https:\/\/justachange.pt\/en\/wp-json\/wp\/v2\/comments?post=1277"}],"version-history":[{"count":31,"href":"https:\/\/justachange.pt\/en\/wp-json\/wp\/v2\/pages\/1277\/revisions"}],"predecessor-version":[{"id":7424,"href":"https:\/\/justachange.pt\/en\/wp-json\/wp\/v2\/pages\/1277\/revisions\/7424"}],"wp:attachment":[{"href":"https:\/\/justachange.pt\/en\/wp-json\/wp\/v2\/media?parent=1277"}],"curies":[{"name":"wp","href":"https:\/\/api.w.org\/{rel}","templated":true}]}}